{"id":2,"date":"2023-08-25T02:52:51","date_gmt":"2023-08-25T00:52:51","guid":{"rendered":"http:\/\/uncatolicoperplejo.org\/?page_id=2"},"modified":"2025-08-08T20:43:46","modified_gmt":"2025-08-08T18:43:46","slug":"pagina-ejemplo","status":"publish","type":"page","link":"https:\/\/uncatolicoperplejo.org\/index.php\/pagina-ejemplo\/","title":{"rendered":"Sobre este blog"},"content":{"rendered":"\n<figure class=\"wp-block-embed is-type-photo is-provider-flickr wp-block-embed-flickr\"><div class=\"wp-block-embed__wrapper\">\n<a href=\"https:\/\/www.flickr.com\/photos\/94682283@N00\/50086049372\/in\/photostream\"><img decoding=\"async\" loading=\"lazy\" src=\"https:\/\/live.staticflickr.com\/65535\/50086049372_fa1743cf7b_b.jpg\" alt=\"_DSF4680\" width=\"1024\" height=\"683\" \/><\/a>\n<\/div><figcaption class=\"wp-element-caption\"><em><mark style=\"background-color:rgba(0, 0, 0, 0);color:#8e8e8e\" class=\"has-inline-color\">Cuenta personal de flickr.com.<\/mark><\/em><\/figcaption><\/figure>\n\n\n<blockquote>\n<p><span style=\"color: #000000;\">Wordpres me ha cerrado de forma fraudulenta, este enero de 2025, mi primer y principal blog,<\/span> <a href=\"https:\/\/uncatolicoperplejo.wpcomstaging.com\/\" target=\"_blank\" rel=\"noopener noreferrer\">uncatolicoperplejo.wordpress.com<\/a><span style=\"color: #000000;\">. Pueden encontrarme tambi\u00e9n aqu\u00ed en<\/span> <a href=\"https:\/\/uncatolicoperplejo.com\/\" target=\"_blank\" rel=\"noopener noreferrer\">uncatolicoperplejo.com<\/a> <span style=\"color: #000000;\">que est\u00e1 alojado en otro servidor, otra empresa diferente, y es copia del que me ha borrado wordpress. Los mismos art\u00edculos.<\/span><\/p>\n<\/blockquote>\n<p><span style=\"color: #000000;\">Me llamo <strong>Gonzalo Carlos Novillo Lapeyra<\/strong>. Criado y residente en Pozuelo de Alarc\u00f3n, en la zona o barrio donde se encuentra la Estaci\u00f3n de tren (RENFE). Es una ciudad de unos 90.000 habitantes a las afueras de Madrid (Espa\u00f1a), donde desde julio de 2017 padezco persecuci\u00f3n (<\/span><a href=\"https:\/\/uncatolicoperplejo.com\/gang-stalking-acecho-y-acoso-organizado\/\" target=\"_blank\" rel=\"noreferrer noopener\">Gang Stalking<\/a><span style=\"color: #000000;\">) por las logias locales de mi zona. Y gracias a esta gente, mi propia tierra, mi propia cuna y mi propia vida la siento extranjera, lejos de casa.<\/span><\/p>\n<p><span style=\"color: #000000;\">Dejo mi actividad en Internet. Lo que ves es lo que soy.<\/span><\/p>\n<p><a href=\"https:\/\/uncatolicoperplejo.com\/\" target=\"_blank\" rel=\"noopener\">uncatolicoperplejo.<strong>com<\/strong><\/a><\/p>\n<p><a href=\"https:\/\/uncatolicoperplejo.es\/\" target=\"_blank\" rel=\"noopener\">uncatolicoperplejo.<strong>es<\/strong><\/a><\/p>\n<p><a href=\"https:\/\/uncatolicoperplejo.net\/\" target=\"_blank\" rel=\"noopener\">uncatolicoperplejo.<strong>net<\/strong><\/a><\/p>\n<p><a href=\"https:\/\/uncatolicoperplejo.org\/\" target=\"_blank\" rel=\"noreferrer noopener\">uncatolicoperplejo.<\/a><strong><a href=\"https:\/\/uncatolicoperplejo.org\/\" target=\"_blank\" rel=\"noreferrer noopener\">org<\/a> <\/strong>(s\u00f3lo dos temas: NASA y Blue Beam Proyect).<\/p>\n<p><a href=\"https:\/\/uncatolicoperplejo.blogspot.com\/\" target=\"_blank\" rel=\"noopener\">uncatolicoperplejo<strong>.blogspot<\/strong>.com<\/a> (enfocado a citas del Evangelio).<\/p>\n<p><a href=\"https:\/\/esclavosdemaria.wordpress.com\" target=\"_blank\" rel=\"noopener\"><strong>esclavosdemaria<\/strong>.wordpress.com<\/a><\/p>\n<p><a href=\"https:\/\/uncatolicoperplejo.wordpress.com\/\" target=\"_blank\" rel=\"noopener\">uncatolicoperplejo.wordpress.com<\/a><span style=\"color: #000000;\"> (El que ha sido mi blog principal).<\/span><\/p>\n<p><a href=\"https:\/\/uncatolicoperplejo2.wordpress.com\" target=\"_blank\" rel=\"noopener noreferrer\">uncatolicoperplejo<strong>2<\/strong>.wordpress.com<\/a> (Con poca cosa).<\/p>\n<p><a href=\"https:\/\/nereamiacrespo.wordpress.com\/\" target=\"_blank\" rel=\"noopener\">nereamiacrespo<\/a>.<span style=\"color: #000000;\">wordpress.com (blog en apoyo a una v\u00edctima, Nera M\u00eda Crespo, de Gang Stalking).<\/span><\/p>\n<p><a href=\"https:\/\/archive.org\/details\/@gonzalo_carlos\" target=\"_blank\" rel=\"noopener\">archive.org<\/a><\/p>\n<p><a href=\"https:\/\/ko-fi.com\/novillolapeyra\" target=\"_blank\" rel=\"noopener\">ko-fi.com<\/a><\/p>\n<p><a href=\"https:\/\/twitter.com\/NovilloLapeyra\" target=\"_blank\" rel=\"noopener\">twitter<\/a><\/p>\n<p><a href=\"https:\/\/www.facebook.com\/gonzalocarlos.novillolapeyra.3\" target=\"_blank\" rel=\"noopener\">facebook<\/a><\/p>\n<p><a href=\"https:\/\/www.youtube.com\/channel\/UCtJ0yiF23XRGkRoaYfuh4kg\" target=\"_blank\" rel=\"noopener\">Youtube<\/a>. <span style=\"color: #000000;\">Catecismo Mayor de San P\u00edo X. Canal parado porque dej\u00e9 de confiar en Michel Boniface y la FSSPX. No son lo que parecen. Los audios en s\u00ed no son malos raz\u00f3n por lo que no los he quitado de momento.<\/span><\/p>\n<p><a href=\"https:\/\/www.youtube.com\/channel\/UCTb3G8uEwfIyD8AMenGClwQ\" target=\"_blank\" rel=\"noopener\">Youtube<\/a><span style=\"color: #000000;\">. Madre Dolorosa. Mi refugio.<\/span><\/p>\n<p><a href=\"https:\/\/www.youtube.com\/channel\/UCv4fCjsFnVLQjqjuqSkvJWg\" target=\"_blank\" rel=\"noopener\">Youtube<\/a><span style=\"color: #000000;\">. M\u00fasica, fotograf\u00eda y videograf\u00eda. (Me la han bloqueado, no puedo acceder a ella).<\/span><\/p>\n<p><a href=\"https:\/\/www.youtube.com\/@novillolapeyra\" target=\"_blank\" rel=\"noopener noreferrer\">Youtube<\/a><span style=\"color: #000000;\">. M\u00fasica, fotograf\u00eda y videograf\u00eda .(Nueva cuenta de ocio).<\/span><\/p>\n<p><a href=\"https:\/\/www.youtube.com\/channel\/UCfQwbbURixxROnmcPRtieeQ\" target=\"_blank\" rel=\"noopener\">Youtube<\/a><span style=\"color: #000000;\">. Cuenta principal. Nota: Baneada el 30 de dic.2020.<\/span><\/p>\n<p><span style=\"color: #000000;\"><a style=\"color: #000000;\" href=\"https:\/\/www.dailymotion.com\/playlist\/x6lxb1\" target=\"_blank\" rel=\"noopener\">dailymotion.com\/library\/playlist<\/a><\/span><\/p>\n<p><a href=\"https:\/\/odysee.com\/@NovilloLapeyra\" target=\"_blank\" rel=\"noopener\">odysee<\/a><span style=\"color: #000000;\">.com<\/span><\/p>\n<p><a href=\"https:\/\/www.bitchute.com\/channel\/gonzalo_novillo\/\" target=\"_blank\" rel=\"noopener\">bitchute.com<\/a><\/p>\n<p><a href=\"https:\/\/www.youtube.com\/channel\/UCEKzhBU4ITCsX3p3bdOaRSA\/playlists?view_as=subscriber\" target=\"_blank\" rel=\"noopener\">Youtube<\/a><span style=\"color: #000000;\">. Cuenta secundaria de ocio personal. M\u00fasica, bicicleta, senderismo, c\u00e1mara de fotos, cosas as\u00ed.<\/span><\/p>\n<p><a href=\"https:\/\/www.burbuja.info\/inmobiliaria\/members\/blueorange.100909\/#\" target=\"_blank\" rel=\"noopener\">burbuja<\/a><span style=\"color: #000000;\">.info<\/span><\/p>\n<p><a href=\"https:\/\/www.forocoches.com\/foro\/member.php?u=33370\" target=\"_blank\" rel=\"noopener\">forocoches<\/a>.com (baneado)<\/p>\n<p><a href=\"https:\/\/www.forocoches.com\/foro\/member.php?u=589072\" target=\"_blank\" rel=\"noopener\">forocoches<\/a><span style=\"color: #000000;\">.com (baneado y borraron todos los mensajes)<\/span><\/p>\n<p><a href=\"https:\/\/www.instagram.com\/novillolapeyra\/\" target=\"_blank\" rel=\"noopener\">instagram<\/a><span style=\"color: #000000;\">.com<\/span><\/p>\n<p><a href=\"https:\/\/www.flickr.com\/photos\/94682283@N00\/\" target=\"_blank\" rel=\"noopener\">flickr<\/a><span style=\"color: #000000;\">.com<\/span><\/p>\n<p><a href=\"https:\/\/www.pexels.com\/es-es\/@novillolapeyra\" target=\"_blank\" rel=\"noopener\">pexels<\/a><span style=\"color: #000000;\">.com<\/span><\/p>\n<p><a href=\"https:\/\/imgur.com\/user\/novillolapeyra\/posts\" target=\"_blank\" rel=\"noopener\">imgur<\/a><span style=\"color: #000000;\">.com<\/span><\/p>\n<p><a href=\"https:\/\/soundcloud.com\/user-457543269\" target=\"_blank\" rel=\"noopener\">soundcloud<\/a><span style=\"color: #000000;\">.com<\/span><\/p>\n<p><a href=\"https:\/\/bandcamp.com\/novillolapeyra\" target=\"_blank\" rel=\"noopener\">bandcamp<\/a><span style=\"color: #000000;\">.com<\/span><\/p>\n<p><span style=\"color: #000000;\">Cu\u00eddense mucho.<\/span><\/p>\n<hr \/>\n<h3 style=\"text-align: center;\"><span style=\"color: #000000;\">Post Data <\/span><\/h3>\n<p><span style=\"color: #000000;\">Recordatorio personal.<\/span><\/p>\n<p><span style=\"color: #000000;\"><strong>Del Padre Nuestro y el Ave Mar\u00eda, comentado por Santo Tom\u00e1s de\u00a0Aquino <\/strong>(<a style=\"color: #000000;\" href=\"https:\/\/uncatolicoperplejo.wordpress.com\/2018\/03\/29\/el-padre-nuestro-y-el-ave-maria\/\" target=\"_blank\" rel=\"noopener\">enlace<\/a>).<\/span><\/p>\n<p><span style=\"color: #000000;\">49. \u2014 M\u00e1s debemos observar que por el modo de hablar se nos revela la doctrina. En efecto, no dice Haz, ni tampoco Hagamos, sino que dice: \u201c<strong>H\u00e1gase tu voluntad<\/strong>\u201d, porque dos cosas son necesarias para la vida eterna, a saber, l<strong>a <\/strong><\/span><strong>gracia de Dios<\/strong> y <strong>la voluntad del hombre<\/strong><span style=\"color: #000000;\">, pues aunque Dios haya hecho al hombre sin el hombre, sin embargo no lo justifica sin \u00e9l. San Agust\u00edn dice en su Comentario sobre San Juan: \u201c<strong>Quien te cre\u00f3 sin ti no te justificar\u00e1 sin ti<\/strong>\u201d, porque <\/span><strong>\u00c9l quiere que el hombre coopere<\/strong><span style=\"color: #000000;\">. (Zac.1, 3): \u201c<strong>Convert\u00edos a m\u00ed y Yo me convertir\u00e9 a vosotros<\/strong>\u201d. Y el Ap\u00f3stol, (1 Cor.15, 10): \u201c<strong>Por la gracia de Dios soy lo que soy, y la gracia de Dios no ha sido est\u00e9ril en m\u00ed.<\/strong>\u201d<\/span><\/p>\n<p><a href=\"https:\/\/uncatolicoperplejo.wordpress.com\/2018\/03\/29\/el-padre-nuestro-y-el-ave-maria\/\" target=\"_blank\" rel=\"noopener\">Fuente<\/a><span style=\"color: #000000;\">.<\/span><\/p>\n<p><span style=\"color: #000000;\">Recordatorio personal (2):<\/span><\/p>\n<p><span style=\"color: #000000;\"><em><a href=\"https:\/\/uncatolicoperplejo.wordpress.com\/2021\/05\/04\/mudras-o-signos-de-la-masoneria-el-signo-vav\/\" target=\"_blank\" rel=\"noopener noreferrer\">&#8216;In Hoc Signo Vinces&#8217;<\/a><\/em>\u00a0(<strong><a href=\"https:\/\/uncatolicoperplejo.files.wordpress.com\/2023\/04\/noemi-keanu-reeves-twitter-con-este-siogno-venceras-exterminio-cristiano-y-nom.png\" target=\"_blank\" rel=\"noopener noreferrer\">enlace<\/a><\/strong>). Saben bien el destino de tanta gente inocente. Familias enteras, ni\u00f1os y ancianos. Y lo degustan, les sabe a diversi\u00f3n. Babilonia va ebria de la sangre de los justos.<\/span><\/p>\n\n\n<figure class=\"wp-block-gallery aligncenter has-nested-images columns-default wp-block-gallery-1 is-layout-flex wp-block-gallery-is-layout-flex\">\n<figure class=\"wp-block-image size-large is-style-default\"><a href=\"https:\/\/uncatolicoperplejo.org\/wp-content\/uploads\/2023\/08\/Se-completase-el-numero-de-vuestros-hermanos-Apocalopsis-6-matados-5.jpg\"><img decoding=\"async\" loading=\"lazy\" width=\"1024\" height=\"731\" data-id=\"66\" src=\"https:\/\/uncatolicoperplejo.org\/wp-content\/uploads\/2023\/08\/Se-completase-el-numero-de-vuestros-hermanos-Apocalopsis-6-matados-5-1024x731.jpg\" alt=\"\" class=\"wp-image-66\" srcset=\"https:\/\/uncatolicoperplejo.org\/wp-content\/uploads\/2023\/08\/Se-completase-el-numero-de-vuestros-hermanos-Apocalopsis-6-matados-5-1024x731.jpg 1024w, https:\/\/uncatolicoperplejo.org\/wp-content\/uploads\/2023\/08\/Se-completase-el-numero-de-vuestros-hermanos-Apocalopsis-6-matados-5-300x214.jpg 300w, https:\/\/uncatolicoperplejo.org\/wp-content\/uploads\/2023\/08\/Se-completase-el-numero-de-vuestros-hermanos-Apocalopsis-6-matados-5-768x549.jpg 768w, https:\/\/uncatolicoperplejo.org\/wp-content\/uploads\/2023\/08\/Se-completase-el-numero-de-vuestros-hermanos-Apocalopsis-6-matados-5-1536x1097.jpg 1536w, https:\/\/uncatolicoperplejo.org\/wp-content\/uploads\/2023\/08\/Se-completase-el-numero-de-vuestros-hermanos-Apocalopsis-6-matados-5-1080x771.jpg 1080w, https:\/\/uncatolicoperplejo.org\/wp-content\/uploads\/2023\/08\/Se-completase-el-numero-de-vuestros-hermanos-Apocalopsis-6-matados-5.jpg 1750w\" sizes=\"(max-width: 1024px) 100vw, 1024px\" \/><\/a><\/figure>\n\n\n\n<figure class=\"wp-block-image size-large is-style-default\"><a href=\"https:\/\/uncatolicoperplejo.org\/wp-content\/uploads\/2023\/08\/Se-completase-el-numero-de-vuestros-hermanos-Apocalipsis-6-matados-4.jpg\"><img decoding=\"async\" loading=\"lazy\" width=\"1024\" height=\"1024\" data-id=\"64\" src=\"https:\/\/uncatolicoperplejo.org\/wp-content\/uploads\/2023\/08\/Se-completase-el-numero-de-vuestros-hermanos-Apocalipsis-6-matados-4-1024x1024.jpg\" alt=\"\" class=\"wp-image-64\" srcset=\"https:\/\/uncatolicoperplejo.org\/wp-content\/uploads\/2023\/08\/Se-completase-el-numero-de-vuestros-hermanos-Apocalipsis-6-matados-4-1024x1024.jpg 1024w, https:\/\/uncatolicoperplejo.org\/wp-content\/uploads\/2023\/08\/Se-completase-el-numero-de-vuestros-hermanos-Apocalipsis-6-matados-4-300x300.jpg 300w, https:\/\/uncatolicoperplejo.org\/wp-content\/uploads\/2023\/08\/Se-completase-el-numero-de-vuestros-hermanos-Apocalipsis-6-matados-4-150x150.jpg 150w, https:\/\/uncatolicoperplejo.org\/wp-content\/uploads\/2023\/08\/Se-completase-el-numero-de-vuestros-hermanos-Apocalipsis-6-matados-4-768x768.jpg 768w, https:\/\/uncatolicoperplejo.org\/wp-content\/uploads\/2023\/08\/Se-completase-el-numero-de-vuestros-hermanos-Apocalipsis-6-matados-4-1080x1080.jpg 1080w, https:\/\/uncatolicoperplejo.org\/wp-content\/uploads\/2023\/08\/Se-completase-el-numero-de-vuestros-hermanos-Apocalipsis-6-matados-4.jpg 1250w\" sizes=\"(max-width: 1024px) 100vw, 1024px\" \/><\/a><\/figure>\n<\/figure>\n","protected":false},"excerpt":{"rendered":"<p>Wordpres me ha cerrado de forma fraudulenta, este enero de 2025, mi primer y principal blog, uncatolicoperplejo.wordpress.com. Pueden encontrarme tambi\u00e9n aqu\u00ed en uncatolicoperplejo.com que est\u00e1 alojado en otro servidor, otra empresa diferente, y es copia del que me ha borrado wordpress. Los mismos art\u00edculos. Me llamo Gonzalo Carlos Novillo Lapeyra. Criado y residente en Pozuelo &hellip; <a href=\"https:\/\/uncatolicoperplejo.org\/index.php\/pagina-ejemplo\/\" class=\"more-link\">Sigue leyendo <span class=\"screen-reader-text\">Sobre este blog<\/span> <span class=\"meta-nav\">&rarr;<\/span><\/a><\/p>\n","protected":false},"author":1,"featured_media":0,"parent":0,"menu_order":0,"comment_status":"closed","ping_status":"open","template":"","meta":{"footnotes":""},"yoast_head":"<!-- This site is optimized with the Yoast SEO plugin v22.1 - https:\/\/yoast.com\/wordpress\/plugins\/seo\/ -->\n<title>Sobre este blog - Un Catolico Perplejo<\/title>\n<meta name=\"robots\" content=\"index, follow, max-snippet:-1, max-image-preview:large, max-video-preview:-1\" \/>\n<link rel=\"canonical\" href=\"https:\/\/uncatolicoperplejo.org\/index.php\/pagina-ejemplo\/\" \/>\n<meta property=\"og:locale\" content=\"es_ES\" \/>\n<meta property=\"og:type\" content=\"article\" \/>\n<meta property=\"og:title\" content=\"Sobre este blog - Un Catolico Perplejo\" \/>\n<meta property=\"og:description\" content=\"Wordpres me ha cerrado de forma fraudulenta, este enero de 2025, mi primer y principal blog, uncatolicoperplejo.wordpress.com. Pueden encontrarme tambi\u00e9n aqu\u00ed en uncatolicoperplejo.com que est\u00e1 alojado en otro servidor, otra empresa diferente, y es copia del que me ha borrado wordpress. Los mismos art\u00edculos. Me llamo Gonzalo Carlos Novillo Lapeyra. Criado y residente en Pozuelo &hellip; Sigue leyendo Sobre este blog &rarr;\" \/>\n<meta property=\"og:url\" content=\"https:\/\/uncatolicoperplejo.org\/index.php\/pagina-ejemplo\/\" \/>\n<meta property=\"og:site_name\" content=\"Un Catolico Perplejo\" \/>\n<meta property=\"article:modified_time\" content=\"2025-08-08T18:43:46+00:00\" \/>\n<meta property=\"og:image\" content=\"https:\/\/uncatolicoperplejo.org\/wp-content\/uploads\/2023\/08\/Se-completase-el-numero-de-vuestros-hermanos-Apocalopsis-6-matados-5-1024x731.jpg\" \/>\n<meta name=\"twitter:card\" content=\"summary_large_image\" \/>\n<meta name=\"twitter:label1\" content=\"Tiempo de lectura\" \/>\n\t<meta name=\"twitter:data1\" content=\"3 minutos\" \/>\n<script type=\"application\/ld+json\" class=\"yoast-schema-graph\">{\"@context\":\"https:\/\/schema.org\",\"@graph\":[{\"@type\":\"WebPage\",\"@id\":\"https:\/\/uncatolicoperplejo.org\/index.php\/pagina-ejemplo\/\",\"url\":\"https:\/\/uncatolicoperplejo.org\/index.php\/pagina-ejemplo\/\",\"name\":\"Sobre este blog - Un Catolico Perplejo\",\"isPartOf\":{\"@id\":\"https:\/\/uncatolicoperplejo.org\/#website\"},\"datePublished\":\"2023-08-25T00:52:51+00:00\",\"dateModified\":\"2025-08-08T18:43:46+00:00\",\"breadcrumb\":{\"@id\":\"https:\/\/uncatolicoperplejo.org\/index.php\/pagina-ejemplo\/#breadcrumb\"},\"inLanguage\":\"es\",\"potentialAction\":[{\"@type\":\"ReadAction\",\"target\":[\"https:\/\/uncatolicoperplejo.org\/index.php\/pagina-ejemplo\/\"]}]},{\"@type\":\"BreadcrumbList\",\"@id\":\"https:\/\/uncatolicoperplejo.org\/index.php\/pagina-ejemplo\/#breadcrumb\",\"itemListElement\":[{\"@type\":\"ListItem\",\"position\":1,\"name\":\"Portada\",\"item\":\"https:\/\/uncatolicoperplejo.org\/\"},{\"@type\":\"ListItem\",\"position\":2,\"name\":\"Sobre este blog\"}]},{\"@type\":\"WebSite\",\"@id\":\"https:\/\/uncatolicoperplejo.org\/#website\",\"url\":\"https:\/\/uncatolicoperplejo.org\/\",\"name\":\"Un Catolico Perplejo\",\"description\":\"&quot;Da lo que tienes, para que merezcas recibir lo que te falta.&quot; -San Agust\u00edn.\",\"potentialAction\":[{\"@type\":\"SearchAction\",\"target\":{\"@type\":\"EntryPoint\",\"urlTemplate\":\"https:\/\/uncatolicoperplejo.org\/?s={search_term_string}\"},\"query-input\":\"required name=search_term_string\"}],\"inLanguage\":\"es\"}]}<\/script>\n<!-- \/ Yoast SEO plugin. -->","yoast_head_json":{"title":"Sobre este blog - Un Catolico Perplejo","robots":{"index":"index","follow":"follow","max-snippet":"max-snippet:-1","max-image-preview":"max-image-preview:large","max-video-preview":"max-video-preview:-1"},"canonical":"https:\/\/uncatolicoperplejo.org\/index.php\/pagina-ejemplo\/","og_locale":"es_ES","og_type":"article","og_title":"Sobre este blog - Un Catolico Perplejo","og_description":"Wordpres me ha cerrado de forma fraudulenta, este enero de 2025, mi primer y principal blog, uncatolicoperplejo.wordpress.com. Pueden encontrarme tambi\u00e9n aqu\u00ed en uncatolicoperplejo.com que est\u00e1 alojado en otro servidor, otra empresa diferente, y es copia del que me ha borrado wordpress. Los mismos art\u00edculos. Me llamo Gonzalo Carlos Novillo Lapeyra. Criado y residente en Pozuelo &hellip; Sigue leyendo Sobre este blog &rarr;","og_url":"https:\/\/uncatolicoperplejo.org\/index.php\/pagina-ejemplo\/","og_site_name":"Un Catolico Perplejo","article_modified_time":"2025-08-08T18:43:46+00:00","og_image":[{"url":"https:\/\/uncatolicoperplejo.org\/wp-content\/uploads\/2023\/08\/Se-completase-el-numero-de-vuestros-hermanos-Apocalopsis-6-matados-5-1024x731.jpg"}],"twitter_card":"summary_large_image","twitter_misc":{"Tiempo de lectura":"3 minutos"},"schema":{"@context":"https:\/\/schema.org","@graph":[{"@type":"WebPage","@id":"https:\/\/uncatolicoperplejo.org\/index.php\/pagina-ejemplo\/","url":"https:\/\/uncatolicoperplejo.org\/index.php\/pagina-ejemplo\/","name":"Sobre este blog - Un Catolico Perplejo","isPartOf":{"@id":"https:\/\/uncatolicoperplejo.org\/#website"},"datePublished":"2023-08-25T00:52:51+00:00","dateModified":"2025-08-08T18:43:46+00:00","breadcrumb":{"@id":"https:\/\/uncatolicoperplejo.org\/index.php\/pagina-ejemplo\/#breadcrumb"},"inLanguage":"es","potentialAction":[{"@type":"ReadAction","target":["https:\/\/uncatolicoperplejo.org\/index.php\/pagina-ejemplo\/"]}]},{"@type":"BreadcrumbList","@id":"https:\/\/uncatolicoperplejo.org\/index.php\/pagina-ejemplo\/#breadcrumb","itemListElement":[{"@type":"ListItem","position":1,"name":"Portada","item":"https:\/\/uncatolicoperplejo.org\/"},{"@type":"ListItem","position":2,"name":"Sobre este blog"}]},{"@type":"WebSite","@id":"https:\/\/uncatolicoperplejo.org\/#website","url":"https:\/\/uncatolicoperplejo.org\/","name":"Un Catolico Perplejo","description":"&quot;Da lo que tienes, para que merezcas recibir lo que te falta.&quot; -San Agust\u00edn.","potentialAction":[{"@type":"SearchAction","target":{"@type":"EntryPoint","urlTemplate":"https:\/\/uncatolicoperplejo.org\/?s={search_term_string}"},"query-input":"required name=search_term_string"}],"inLanguage":"es"}]}},"_links":{"self":[{"href":"https:\/\/uncatolicoperplejo.org\/index.php\/wp-json\/wp\/v2\/pages\/2"}],"collection":[{"href":"https:\/\/uncatolicoperplejo.org\/index.php\/wp-json\/wp\/v2\/pages"}],"about":[{"href":"https:\/\/uncatolicoperplejo.org\/index.php\/wp-json\/wp\/v2\/types\/page"}],"author":[{"embeddable":true,"href":"https:\/\/uncatolicoperplejo.org\/index.php\/wp-json\/wp\/v2\/users\/1"}],"replies":[{"embeddable":true,"href":"https:\/\/uncatolicoperplejo.org\/index.php\/wp-json\/wp\/v2\/comments?post=2"}],"version-history":[{"count":28,"href":"https:\/\/uncatolicoperplejo.org\/index.php\/wp-json\/wp\/v2\/pages\/2\/revisions"}],"predecessor-version":[{"id":2050,"href":"https:\/\/uncatolicoperplejo.org\/index.php\/wp-json\/wp\/v2\/pages\/2\/revisions\/2050"}],"wp:attachment":[{"href":"https:\/\/uncatolicoperplejo.org\/index.php\/wp-json\/wp\/v2\/media?parent=2"}],"curies":[{"name":"wp","href":"https:\/\/api.w.org\/{rel}","templated":true}]}}